{"id":22782,"date":"2026-03-14T09:47:03","date_gmt":"2026-03-14T08:47:03","guid":{"rendered":"https:\/\/www.golfdubelvedere.fr\/?page_id=22782"},"modified":"2026-03-14T21:17:36","modified_gmt":"2026-03-14T20:17:36","slug":"politique-de-confidentialite","status":"publish","type":"page","link":"https:\/\/www.golfdubelvedere.fr\/de\/golf-du-belvedere-annecy-saint-martin-bellevue-haute-savoie\/contact\/politique-de-confidentialite","title":{"rendered":"Politique de confidentialit\u00e9"},"content":{"rendered":"<div data-elementor-type=\"wp-page\" data-elementor-id=\"22782\" class=\"elementor elementor-22782\" data-elementor-post-type=\"page\">\n\t\t\t\t\t\t<section class=\"elementor-section elementor-top-section elementor-element elementor-element-7ef15c9e elementor-section-height-min-height elementor-section-items-stretch elementor-section-content-middle ct-section-stretched elementor-section-boxed elementor-section-height-default\" data-id=\"7ef15c9e\" data-element_type=\"section\" data-e-type=\"section\" data-settings=\"{&quot;background_background&quot;:&quot;classic&quot;}\">\n\t\t\t\t\t\t<div class=\"elementor-container elementor-column-gap-no\">\n\t\t\t\t\t<div class=\"elementor-column elementor-col-100 elementor-top-column elementor-element elementor-element-4d2676d\" data-id=\"4d2676d\" data-element_type=\"column\" data-e-type=\"column\">\n\t\t\t<div class=\"elementor-widget-wrap elementor-element-populated\">\n\t\t\t\t\t\t<div class=\"elementor-element elementor-element-138e1e elementor-widget elementor-widget-heading\" data-id=\"138e1e\" data-element_type=\"widget\" data-e-type=\"widget\" data-widget_type=\"heading.default\">\n\t\t\t\t<div class=\"elementor-widget-container\">\n\t\t\t\t\t<h1 class=\"elementor-heading-title elementor-size-default\">Politique de confidentialit\u00e9 <\/h1>\t\t\t\t<\/div>\n\t\t\t\t<\/div>\n\t\t\t\t<section class=\"elementor-section elementor-inner-section elementor-element elementor-element-37b620e5 elementor-section-content-middle elementor-section-boxed elementor-section-height-default elementor-section-height-default\" data-id=\"37b620e5\" data-element_type=\"section\" data-e-type=\"section\">\n\t\t\t\t\t\t<div class=\"elementor-container elementor-column-gap-default\">\n\t\t\t\t\t<div class=\"elementor-column elementor-col-50 elementor-inner-column elementor-element elementor-element-199a6afa\" data-id=\"199a6afa\" data-element_type=\"column\" data-e-type=\"column\">\n\t\t\t<div class=\"elementor-widget-wrap elementor-element-populated\">\n\t\t\t\t\t\t<div class=\"elementor-element elementor-element-3f3b44ab elementor-widget__width-initial elementor-widget elementor-widget-text-editor\" data-id=\"3f3b44ab\" data-element_type=\"widget\" data-e-type=\"widget\" data-widget_type=\"text-editor.default\">\n\t\t\t\t<div class=\"elementor-widget-container\">\n\t\t\t\t\t\t\t\t\t<p>Kontaktdaten des Golfplatzes <strong><span style=\"color: #ffffff;\"><a style=\"color: #ffffff;\" href=\"https:\/\/www.golfdubelvedere.fr\/de\/golf-du-belvedere-annecy-saint-martin-bellevue\/practice-de-golf-a-annecy\/\">sein \u00dcbungsplatz mit Etagen<\/a><\/span><\/strong> in einer bezaubernden Umgebung, 10 Autominuten vom Zentrum von Annecy entfernt.<\/p>\t\t\t\t\t\t\t\t<\/div>\n\t\t\t\t<\/div>\n\t\t\t\t\t<\/div>\n\t\t<\/div>\n\t\t\t\t<div class=\"elementor-column elementor-col-50 elementor-inner-column elementor-element elementor-element-1d1a077e\" data-id=\"1d1a077e\" data-element_type=\"column\" data-e-type=\"column\">\n\t\t\t<div class=\"elementor-widget-wrap elementor-element-populated\">\n\t\t\t\t\t\t<div class=\"elementor-element elementor-element-571e0116 elementor-widget elementor-widget-text-editor\" data-id=\"571e0116\" data-element_type=\"widget\" data-e-type=\"widget\" data-widget_type=\"text-editor.default\">\n\t\t\t\t<div class=\"elementor-widget-container\">\n\t\t\t\t\t\t\t\t\t<p>Der Golfplatz Belv\u00e9d\u00e8re Annecy<br \/>1116 Route du Mont<br \/>74370 Saint Martin de Bellevue<br \/>Tel : + 33450603178<\/p>\t\t\t\t\t\t\t\t<\/div>\n\t\t\t\t<\/div>\n\t\t\t\t\t<\/div>\n\t\t<\/div>\n\t\t\t\t\t<\/div>\n\t\t<\/section>\n\t\t\t\t\t<\/div>\n\t\t<\/div>\n\t\t\t\t\t<\/div>\n\t\t<\/section>\n\t\t\t\t<section class=\"elementor-section elementor-top-section elementor-element elementor-element-f5cd0ae elementor-section-boxed elementor-section-height-default elementor-section-height-default\" data-id=\"f5cd0ae\" data-element_type=\"section\" data-e-type=\"section\">\n\t\t\t\t\t\t<div class=\"elementor-container elementor-column-gap-default\">\n\t\t\t\t\t<div class=\"elementor-column elementor-col-100 elementor-top-column elementor-element elementor-element-d900b27\" data-id=\"d900b27\" data-element_type=\"column\" data-e-type=\"column\">\n\t\t\t<div class=\"elementor-widget-wrap elementor-element-populated\">\n\t\t\t\t\t\t<div class=\"elementor-element elementor-element-9664292 elementor-widget elementor-widget-heading\" data-id=\"9664292\" data-element_type=\"widget\" data-e-type=\"widget\" data-widget_type=\"heading.default\">\n\t\t\t\t<div class=\"elementor-widget-container\">\n\t\t\t\t\t<h1 class=\"elementor-heading-title elementor-size-default\">Politique de confidentialit\u00e9<\/h1>\t\t\t\t<\/div>\n\t\t\t\t<\/div>\n\t\t\t\t<div class=\"elementor-element elementor-element-1c73885 elementor-widget elementor-widget-text-editor\" data-id=\"1c73885\" data-element_type=\"widget\" data-e-type=\"widget\" data-widget_type=\"text-editor.default\">\n\t\t\t\t<div class=\"elementor-widget-container\">\n\t\t\t\t\t\t\t\t\t<h3>Pr\u00e9ambule\u00a0<\/h3><p>La pr\u00e9sente politique de confidentialit\u00e9 explique comment le site https:\/\/www.golfdubelvedere.fr collecte, utilise et prot\u00e8ge les donn\u00e9es personnelles de ses utilisateurs. Le Golf du Belv\u00e9d\u00e8re s\u2019engage \u00e0 respecter la confidentialit\u00e9 des informations collect\u00e9es et \u00e0 appliquer les dispositions du R\u00e8glement G\u00e9n\u00e9ral sur la Protection des Donn\u00e9es (RGPD) ainsi que la l\u00e9gislation fran\u00e7aise relative \u00e0 la protection des donn\u00e9es personnelles.<\/p><ul><li>Protection des donn\u00e9es personnelles des utilisateurs du site.<\/li><li>Respect du R\u00e8glement G\u00e9n\u00e9ral sur la Protection des Donn\u00e9es (RGPD).<\/li><li>Information transparente sur l\u2019utilisation des donn\u00e9es collect\u00e9es.<\/li><\/ul><h3>Responsable du traitement<\/h3><p>Les donn\u00e9es personnelles collect\u00e9es sur ce site sont trait\u00e9es par le Golf du Belv\u00e9d\u00e8re, situ\u00e9 1116 Route du Mont, 74350 Saint-Martin-Bellevue, France. Pour toute question relative \u00e0 la protection de vos donn\u00e9es personnelles, vous pouvez contacter l\u2019administration du site par email \u00e0 l\u2019adresse suivante : <a href=\"mailto:alainclasse@gmail.com\">alainclasse@gmail.com<\/a>.<\/p><ul><li>Responsable du traitement : Golf du Belv\u00e9d\u00e8re.<\/li><li>Adresse : 1116 Route du Mont, 74350 Saint-Martin-Bellevue, France.<\/li><li>Contact : <a href=\"mailto:alainclasse@gmail.com\">alainclasse@gmail.com<\/a>.<\/li><\/ul><h3>Commentaires<\/h3><p>Lorsque vous laissez un commentaire sur notre site, certaines informations sont collect\u00e9es afin de permettre la publication du commentaire et d\u2019assurer la s\u00e9curit\u00e9 du site. Les donn\u00e9es collect\u00e9es incluent les informations saisies dans le formulaire de commentaire telles que votre nom, votre adresse e-mail et \u00e9ventuellement votre site web. L\u2019adresse IP de l\u2019utilisateur ainsi que l\u2019agent utilisateur du navigateur sont \u00e9galement enregistr\u00e9s afin d\u2019aider \u00e0 la d\u00e9tection et \u00e0 la pr\u00e9vention des commentaires ind\u00e9sirables. Une cha\u00eene anonymis\u00e9e g\u00e9n\u00e9r\u00e9e \u00e0 partir de votre adresse e-mail, appel\u00e9e hash, peut \u00eatre transmise au service Gravatar afin de v\u00e9rifier si vous utilisez ce service. La politique de confidentialit\u00e9 de Gravatar est disponible \u00e0 l\u2019adresse suivante : <a href=\"https:\/\/automattic.com\/privacy\/\" target=\"_blank\" rel=\"noopener noreferrer\">https:\/\/automattic.com\/privacy\/<\/a>. Apr\u00e8s validation de votre commentaire, votre photo de profil associ\u00e9e \u00e0 votre compte Gravatar peut appara\u00eetre publiquement \u00e0 c\u00f4t\u00e9 de votre commentaire.<\/p><ul><li>Collecte des informations saisies dans le formulaire de commentaire.<\/li><li>Enregistrement de l\u2019adresse IP et de l\u2019agent utilisateur du navigateur.<\/li><li>Utilisation \u00e9ventuelle du service Gravatar pour afficher une photo de profil.<\/li><li>Objectif : pr\u00e9vention du spam et s\u00e9curisation du site.<\/li><\/ul><h3>M\u00e9dias<\/h3><p>Si vous t\u00e9l\u00e9versez des images sur le site, nous vous recommandons d\u2019\u00e9viter de publier des images contenant des donn\u00e9es EXIF incluant des coordonn\u00e9es GPS. En effet, les visiteurs du site pourraient t\u00e9l\u00e9charger ces images et extraire les informations de localisation qu\u2019elles contiennent.<\/p><ul><li>Les images peuvent contenir des donn\u00e9es de localisation.<\/li><li>Les visiteurs peuvent t\u00e9l\u00e9charger ces images.<\/li><li>Il est recommand\u00e9 de supprimer les donn\u00e9es GPS avant publication.<\/li><\/ul><h3>Cookies<\/h3><p>Le site peut utiliser des cookies afin d\u2019am\u00e9liorer l\u2019exp\u00e9rience utilisateur et de faciliter certaines fonctionnalit\u00e9s. Si vous laissez un commentaire sur notre site, il peut vous \u00eatre propos\u00e9 d\u2019enregistrer votre nom, votre adresse e-mail et votre site web dans des cookies afin de simplifier vos futures interactions avec le site.<\/p><ul><li>Cookies utilis\u00e9s pour am\u00e9liorer l\u2019exp\u00e9rience utilisateur.<\/li><li>Enregistrement facultatif des informations lors des commentaires.<\/li><li>Dur\u00e9e maximale des cookies li\u00e9s aux commentaires : un an.<\/li><\/ul><p>Si vous vous rendez sur la page de connexion du site, un cookie temporaire est cr\u00e9\u00e9 afin de v\u00e9rifier si votre navigateur accepte les cookies. Ce cookie ne contient aucune donn\u00e9e personnelle et est supprim\u00e9 automatiquement \u00e0 la fermeture du navigateur.<\/p><ul><li>Cookie temporaire pour tester l\u2019acceptation des cookies.<\/li><li>Aucune donn\u00e9e personnelle stock\u00e9e.<\/li><li>Suppression automatique \u00e0 la fermeture du navigateur.<\/li><\/ul><p>Lorsque vous vous connectez \u00e0 votre compte, plusieurs cookies sont install\u00e9s afin d\u2019enregistrer vos informations de connexion et vos pr\u00e9f\u00e9rences d\u2019affichage.<\/p><ul><li>Cookie de connexion actif pendant deux jours.<\/li><li>Cookie \u00ab Se souvenir de moi \u00bb actif pendant deux semaines.<\/li><li>Cookies de pr\u00e9f\u00e9rences d\u2019\u00e9cran conserv\u00e9s jusqu\u2019\u00e0 un an.<\/li><\/ul><p>Lorsque vous modifiez ou publiez un article sur le site, un cookie suppl\u00e9mentaire est enregistr\u00e9 dans votre navigateur afin d\u2019indiquer l\u2019identifiant de l\u2019article modifi\u00e9. Ce cookie ne contient aucune donn\u00e9e personnelle et expire au bout d\u2019une journ\u00e9e.<\/p><ul><li>Cookie technique li\u00e9 \u00e0 l\u2019\u00e9dition d\u2019articles.<\/li><li>Aucun stockage de donn\u00e9es personnelles.<\/li><li>Dur\u00e9e de conservation : 24 heures.<\/li><\/ul><h3>Contenu embarqu\u00e9 depuis d\u2019autres sites<\/h3><p>Les articles de ce site peuvent inclure des contenus int\u00e9gr\u00e9s provenant d\u2019autres sites internet, par exemple des vid\u00e9os, des images ou des articles. Le contenu int\u00e9gr\u00e9 depuis ces sites fonctionne comme si vous visitiez directement ces plateformes.<\/p><ul><li>Pr\u00e9sence possible de vid\u00e9os ou contenus externes.<\/li><li>Les sites tiers peuvent collecter des donn\u00e9es.<\/li><li>Utilisation possible de cookies et outils de suivi par ces plateformes.<\/li><\/ul><h3>Utilisation et transmission de vos donn\u00e9es personnelles<\/h3><p>Les donn\u00e9es personnelles collect\u00e9es sur ce site sont utilis\u00e9es uniquement pour g\u00e9rer les commentaires, assurer la s\u00e9curit\u00e9 du site, r\u00e9pondre aux demandes des utilisateurs et am\u00e9liorer les fonctionnalit\u00e9s du site.<\/p><ul><li>Gestion des commentaires et interactions.<\/li><li>S\u00e9curisation du site.<\/li><li>R\u00e9ponse aux demandes des utilisateurs.<\/li><li>Am\u00e9lioration des services propos\u00e9s.<\/li><\/ul><p>Si vous demandez une r\u00e9initialisation de votre mot de passe, votre adresse IP pourra \u00eatre incluse dans l\u2019e-mail de r\u00e9initialisation afin de s\u00e9curiser la proc\u00e9dure.<\/p><ul><li>Protection du compte utilisateur.<\/li><li>V\u00e9rification de s\u00e9curit\u00e9 lors de la r\u00e9initialisation du mot de passe.<\/li><\/ul><p>Les donn\u00e9es personnelles collect\u00e9es sur le site ne sont ni vendues ni lou\u00e9es \u00e0 des tiers.<\/p><ul><li>Aucune vente de donn\u00e9es personnelles.<\/li><li>Utilisation interne uniquement.<\/li><\/ul><h3>Dur\u00e9es de stockage de vos donn\u00e9es<\/h3><p>La dur\u00e9e de conservation des donn\u00e9es d\u00e9pend de leur nature. Lorsqu\u2019un utilisateur laisse un commentaire, le commentaire et ses m\u00e9tadonn\u00e9es sont conserv\u00e9s afin de faciliter la gestion des interactions et d\u2019am\u00e9liorer la mod\u00e9ration.<\/p><ul><li>Conservation des commentaires et m\u00e9tadonn\u00e9es.<\/li><li>Facilitation de la mod\u00e9ration automatique.<\/li><\/ul><p>Pour les utilisateurs disposant d\u2019un compte sur le site, les donn\u00e9es personnelles renseign\u00e9es dans leur profil sont \u00e9galement stock\u00e9es.<\/p><ul><li>Possibilit\u00e9 de consulter ses donn\u00e9es personnelles.<\/li><li>Possibilit\u00e9 de modifier ou supprimer certaines informations.<\/li><li>Acc\u00e8s administrateur aux informations pour la gestion du site.<\/li><\/ul><h3>Les droits que vous avez sur vos donn\u00e9es<\/h3><p>Conform\u00e9ment au RGPD, vous disposez de plusieurs droits concernant vos donn\u00e9es personnelles.<\/p><ul><li>Droit d\u2019acc\u00e8s \u00e0 vos donn\u00e9es personnelles.<\/li><li>Droit de rectification des donn\u00e9es incorrectes.<\/li><li>Droit de suppression de vos donn\u00e9es.<\/li><li>Droit d\u2019opposition au traitement des donn\u00e9es.<\/li><li>Droit \u00e0 la portabilit\u00e9 de vos donn\u00e9es.<\/li><\/ul><p>Si vous avez un compte sur ce site ou si vous avez laiss\u00e9 des commentaires, vous pouvez demander un fichier contenant les donn\u00e9es personnelles vous concernant ou demander leur suppression, dans la limite des obligations l\u00e9gales.<\/p><ul><li>Possibilit\u00e9 de r\u00e9cup\u00e9rer vos donn\u00e9es.<\/li><li>Possibilit\u00e9 de demander leur suppression.<\/li><li>Certaines donn\u00e9es peuvent \u00eatre conserv\u00e9es pour des obligations l\u00e9gales.<\/li><\/ul><p>Pour exercer vos droits ou pour toute question relative \u00e0 la protection de vos donn\u00e9es personnelles, vous pouvez nous contacter \u00e0 l\u2019adresse suivante : <a href=\"mailto:alainclasse@gmail.com\">alainclasse@gmail.com<\/a>.<\/p><h3>O\u00f9 vos donn\u00e9es sont envoy\u00e9es<\/h3><p>Les commentaires des visiteurs peuvent \u00eatre analys\u00e9s par un service automatis\u00e9 de d\u00e9tection des commentaires ind\u00e9sirables afin de prot\u00e9ger le site contre les contenus malveillants ou frauduleux.<\/p><ul><li>Analyse automatique des commentaires.<\/li><li>D\u00e9tection et blocage du spam.<\/li><\/ul><h3>S\u00e9curit\u00e9 des donn\u00e9es<\/h3><p>Le Golf du Belv\u00e9d\u00e8re met en \u0153uvre des mesures techniques et organisationnelles afin de prot\u00e9ger les donn\u00e9es personnelles contre l\u2019acc\u00e8s non autoris\u00e9, la modification, la divulgation ou la destruction des donn\u00e9es.<\/p><ul><li>Protection contre les acc\u00e8s non autoris\u00e9s.<\/li><li>S\u00e9curisation des donn\u00e9es stock\u00e9es.<\/li><li>Pr\u00e9vention des pertes ou alt\u00e9rations de donn\u00e9es.<\/li><\/ul><h3>Modification de la politique de confidentialit\u00e9<\/h3><p>Cette politique de confidentialit\u00e9 peut \u00eatre mise \u00e0 jour afin de garantir sa conformit\u00e9 avec la l\u00e9gislation en vigueur.<\/p><ul><li>Mise \u00e0 jour possible de la politique de confidentialit\u00e9.<\/li><li>Adaptation aux \u00e9volutions r\u00e9glementaires.<\/li><li>Derni\u00e8re mise \u00e0 jour : 2026.<\/li><\/ul>\t\t\t\t\t\t\t\t<\/div>\n\t\t\t\t<\/div>\n\t\t\t\t\t<\/div>\n\t\t<\/div>\n\t\t\t\t\t<\/div>\n\t\t<\/section>\n\t\t\t\t<\/div>","protected":false},"excerpt":{"rendered":"<p>Politique de confidentialit\u00e9 Venez d\u00e9couvrir ce Golf 9 Trous et son practice \u00e0 \u00e9tage dans un cadre enchanteur, \u00e0 10 minutes en voiture du centre d&rsquo;Annecy. Golf du Belv\u00e9d\u00e8re1116 Route du Mont74370 Saint Martin de BellevueTel : + 33450603178 Politique de confidentialit\u00e9 Pr\u00e9ambule\u00a0 La pr\u00e9sente politique de confidentialit\u00e9 explique comment le site https:\/\/www.golfdubelvedere.fr collecte, utilise [&hellip;]<\/p>\n","protected":false},"author":5,"featured_media":13671,"parent":14,"menu_order":0,"comment_status":"closed","ping_status":"closed","template":"elementor_header_footer","meta":{"footnotes":""},"class_list":["post-22782","page","type-page","status-publish","has-post-thumbnail","hentry"],"blocksy_meta":{"styles_descriptor":{"styles":{"desktop":"","tablet":"","mobile":""},"google_fonts":[],"version":6}},"yoast_head":"<!-- This site is optimized with the Yoast SEO plugin v27.4 - https:\/\/yoast.com\/product\/yoast-seo-wordpress\/ -->\n<title>Contact du Golf Annecy | Golf du Belv\u00e9d\u00e8re Annecy<\/title>\n<meta name=\"description\" content=\"Contact Golf du Belv\u00e9d\u00e8re Annecy. 1116 rte du mont 74350 Saint Martin de Bellevue Tel : 0450603178 - Ouvert du Mercredi au Lundi 8:30 17:30\" \/>\n<meta name=\"robots\" content=\"noindex, follow\" \/>\n<meta property=\"og:locale\" content=\"de_DE\" \/>\n<meta property=\"og:type\" content=\"article\" \/>\n<meta property=\"og:title\" content=\"Contact du Golf Annecy | Golf du Belv\u00e9d\u00e8re Annecy\" \/>\n<meta property=\"og:description\" content=\"Contact Golf du Belv\u00e9d\u00e8re Annecy. 1116 rte du mont 74350 Saint Martin de Bellevue Tel : 0450603178 - Ouvert du Mercredi au Lundi 8:30 17:30\" \/>\n<meta property=\"og:url\" content=\"https:\/\/www.golfdubelvedere.fr\/de\/golf-du-belvedere-annecy-saint-martin-bellevue-haute-savoie\/contact\/politique-de-confidentialite\/\" \/>\n<meta property=\"og:site_name\" content=\"Golf du Belv\u00e9d\u00e8re Annecy | Golf Lac Annecy | Practice &amp; Golf 9 Trous en Haute Savoie\" \/>\n<meta property=\"article:modified_time\" content=\"2026-03-14T20:17:36+00:00\" \/>\n<meta property=\"og:image\" content=\"https:\/\/www.golfdubelvedere.fr\/wp-content\/uploads\/2025\/04\/Copie-de-Logo-golf-du-belvedere.png\" \/>\n\t<meta property=\"og:image:width\" content=\"512\" \/>\n\t<meta property=\"og:image:height\" content=\"512\" \/>\n\t<meta property=\"og:image:type\" content=\"image\/png\" \/>\n<meta name=\"twitter:card\" content=\"summary_large_image\" \/>\n<script type=\"application\/ld+json\" class=\"yoast-schema-graph\">{\"@context\":\"https:\\\/\\\/schema.org\",\"@graph\":[{\"@type\":\"TechArticle\",\"@id\":\"https:\\\/\\\/www.golfdubelvedere.fr\\\/golf-du-belvedere-annecy-saint-martin-bellevue-haute-savoie\\\/contact\\\/politique-de-confidentialite#article\",\"isPartOf\":{\"@id\":\"https:\\\/\\\/www.golfdubelvedere.fr\\\/golf-du-belvedere-annecy-saint-martin-bellevue-haute-savoie\\\/contact\\\/politique-de-confidentialite\"},\"author\":{\"name\":\"Alain\",\"@id\":\"https:\\\/\\\/www.golfdubelvedere.fr\\\/#\\\/schema\\\/person\\\/a48983d92b8315050c1f94f06d9d81fb\"},\"headline\":\"Politique de confidentialit\u00e9\",\"datePublished\":\"2026-03-14T08:47:03+00:00\",\"dateModified\":\"2026-03-14T20:17:36+00:00\",\"mainEntityOfPage\":{\"@id\":\"https:\\\/\\\/www.golfdubelvedere.fr\\\/golf-du-belvedere-annecy-saint-martin-bellevue-haute-savoie\\\/contact\\\/politique-de-confidentialite\"},\"wordCount\":1398,\"publisher\":{\"@id\":\"https:\\\/\\\/www.golfdubelvedere.fr\\\/#organization\"},\"image\":{\"@id\":\"https:\\\/\\\/www.golfdubelvedere.fr\\\/golf-du-belvedere-annecy-saint-martin-bellevue-haute-savoie\\\/contact\\\/politique-de-confidentialite#primaryimage\"},\"thumbnailUrl\":\"https:\\\/\\\/i0.wp.com\\\/www.golfdubelvedere.fr\\\/wp-content\\\/uploads\\\/2025\\\/04\\\/Copie-de-Logo-golf-du-belvedere.png?fit=512%2C512&ssl=1\",\"inLanguage\":\"de\"},{\"@type\":[\"WebPage\",\"ContactPage\"],\"@id\":\"https:\\\/\\\/www.golfdubelvedere.fr\\\/golf-du-belvedere-annecy-saint-martin-bellevue-haute-savoie\\\/contact\\\/politique-de-confidentialite\",\"url\":\"https:\\\/\\\/www.golfdubelvedere.fr\\\/golf-du-belvedere-annecy-saint-martin-bellevue-haute-savoie\\\/contact\\\/politique-de-confidentialite\",\"name\":\"Contact du Golf Annecy | Golf du Belv\u00e9d\u00e8re Annecy\",\"isPartOf\":{\"@id\":\"https:\\\/\\\/www.golfdubelvedere.fr\\\/#website\"},\"primaryImageOfPage\":{\"@id\":\"https:\\\/\\\/www.golfdubelvedere.fr\\\/golf-du-belvedere-annecy-saint-martin-bellevue-haute-savoie\\\/contact\\\/politique-de-confidentialite#primaryimage\"},\"image\":{\"@id\":\"https:\\\/\\\/www.golfdubelvedere.fr\\\/golf-du-belvedere-annecy-saint-martin-bellevue-haute-savoie\\\/contact\\\/politique-de-confidentialite#primaryimage\"},\"thumbnailUrl\":\"https:\\\/\\\/i0.wp.com\\\/www.golfdubelvedere.fr\\\/wp-content\\\/uploads\\\/2025\\\/04\\\/Copie-de-Logo-golf-du-belvedere.png?fit=512%2C512&ssl=1\",\"datePublished\":\"2026-03-14T08:47:03+00:00\",\"dateModified\":\"2026-03-14T20:17:36+00:00\",\"description\":\"Contact Golf du Belv\u00e9d\u00e8re Annecy. 1116 rte du mont 74350 Saint Martin de Bellevue Tel : 0450603178 - Ouvert du Mercredi au Lundi 8:30 17:30\",\"breadcrumb\":{\"@id\":\"https:\\\/\\\/www.golfdubelvedere.fr\\\/golf-du-belvedere-annecy-saint-martin-bellevue-haute-savoie\\\/contact\\\/politique-de-confidentialite#breadcrumb\"},\"inLanguage\":\"de\",\"potentialAction\":[{\"@type\":\"ReadAction\",\"target\":[\"https:\\\/\\\/www.golfdubelvedere.fr\\\/golf-du-belvedere-annecy-saint-martin-bellevue-haute-savoie\\\/contact\\\/politique-de-confidentialite\"]}]},{\"@type\":\"ImageObject\",\"inLanguage\":\"de\",\"@id\":\"https:\\\/\\\/www.golfdubelvedere.fr\\\/golf-du-belvedere-annecy-saint-martin-bellevue-haute-savoie\\\/contact\\\/politique-de-confidentialite#primaryimage\",\"url\":\"https:\\\/\\\/i0.wp.com\\\/www.golfdubelvedere.fr\\\/wp-content\\\/uploads\\\/2025\\\/04\\\/Copie-de-Logo-golf-du-belvedere.png?fit=512%2C512&ssl=1\",\"contentUrl\":\"https:\\\/\\\/i0.wp.com\\\/www.golfdubelvedere.fr\\\/wp-content\\\/uploads\\\/2025\\\/04\\\/Copie-de-Logo-golf-du-belvedere.png?fit=512%2C512&ssl=1\",\"width\":512,\"height\":512,\"caption\":\"Logo golf du belv\u00e9d\u00e8re Annecy\"},{\"@type\":\"BreadcrumbList\",\"@id\":\"https:\\\/\\\/www.golfdubelvedere.fr\\\/golf-du-belvedere-annecy-saint-martin-bellevue-haute-savoie\\\/contact\\\/politique-de-confidentialite#breadcrumb\",\"itemListElement\":[{\"@type\":\"ListItem\",\"position\":1,\"name\":\"Accueil\",\"item\":\"https:\\\/\\\/www.golfdubelvedere.fr\\\/\"},{\"@type\":\"ListItem\",\"position\":2,\"name\":\"Golf du Belv\u00e9d\u00e8re Annecy\",\"item\":\"https:\\\/\\\/www.golfdubelvedere.fr\\\/\"},{\"@type\":\"ListItem\",\"position\":3,\"name\":\"Contact\",\"item\":\"https:\\\/\\\/www.golfdubelvedere.fr\\\/golf-du-belvedere-annecy-saint-martin-bellevue-haute-savoie\\\/contact\"},{\"@type\":\"ListItem\",\"position\":4,\"name\":\"Politique de confidentialit\u00e9\"}]},{\"@type\":\"WebSite\",\"@id\":\"https:\\\/\\\/www.golfdubelvedere.fr\\\/#website\",\"url\":\"https:\\\/\\\/www.golfdubelvedere.fr\\\/\",\"name\":\"Golf du Belv\u00e9d\u00e8re Annecy | Golf Lac Annecy | Golf 9 Trous en Haute Savoie\",\"description\":\"Un parcours de golf 9 trous avec practice proche d Annecy et de Gen\u00e8ve, au coeur du massif des Aravis\",\"publisher\":{\"@id\":\"https:\\\/\\\/www.golfdubelvedere.fr\\\/#organization\"},\"alternateName\":\"Golf du Belv\u00e9d\u00e8re Saint Martin Bellevue\",\"potentialAction\":[{\"@type\":\"SearchAction\",\"target\":{\"@type\":\"EntryPoint\",\"urlTemplate\":\"https:\\\/\\\/www.golfdubelvedere.fr\\\/?s={search_term_string}\"},\"query-input\":{\"@type\":\"PropertyValueSpecification\",\"valueRequired\":true,\"valueName\":\"search_term_string\"}}],\"inLanguage\":\"de\"},{\"@type\":\"Organization\",\"@id\":\"https:\\\/\\\/www.golfdubelvedere.fr\\\/#organization\",\"name\":\"Golf du Belv\u00e9d\u00e8re Annecy\",\"url\":\"https:\\\/\\\/www.golfdubelvedere.fr\\\/\",\"logo\":{\"@type\":\"ImageObject\",\"inLanguage\":\"de\",\"@id\":\"https:\\\/\\\/www.golfdubelvedere.fr\\\/#\\\/schema\\\/logo\\\/image\\\/\",\"url\":\"https:\\\/\\\/i0.wp.com\\\/www.golfdubelvedere.fr\\\/wp-content\\\/uploads\\\/2025\\\/04\\\/Copie-de-Logo-golf-du-belvedere.png?fit=512%2C512&ssl=1\",\"contentUrl\":\"https:\\\/\\\/i0.wp.com\\\/www.golfdubelvedere.fr\\\/wp-content\\\/uploads\\\/2025\\\/04\\\/Copie-de-Logo-golf-du-belvedere.png?fit=512%2C512&ssl=1\",\"width\":512,\"height\":512,\"caption\":\"Golf du Belv\u00e9d\u00e8re Annecy\"},\"image\":{\"@id\":\"https:\\\/\\\/www.golfdubelvedere.fr\\\/#\\\/schema\\\/logo\\\/image\\\/\"}},{\"@type\":\"Person\",\"@id\":\"https:\\\/\\\/www.golfdubelvedere.fr\\\/#\\\/schema\\\/person\\\/a48983d92b8315050c1f94f06d9d81fb\",\"name\":\"Alain\",\"image\":{\"@type\":\"ImageObject\",\"inLanguage\":\"de\",\"@id\":\"https:\\\/\\\/secure.gravatar.com\\\/avatar\\\/067a437fddcbc53fd0e05e015c1eabc752e24a9300f04756f5e01dc0a3d5500f?s=96&d=mm&r=g\",\"url\":\"https:\\\/\\\/secure.gravatar.com\\\/avatar\\\/067a437fddcbc53fd0e05e015c1eabc752e24a9300f04756f5e01dc0a3d5500f?s=96&d=mm&r=g\",\"contentUrl\":\"https:\\\/\\\/secure.gravatar.com\\\/avatar\\\/067a437fddcbc53fd0e05e015c1eabc752e24a9300f04756f5e01dc0a3d5500f?s=96&d=mm&r=g\",\"caption\":\"Alain\"}}]}<\/script>\n<!-- \/ Yoast SEO plugin. -->","yoast_head_json":{"title":"Kontakt Golf Annecy | Der Golfplatz Belv\u00e9d\u00e8re Annecy","description":"Kontakt Golf du Belv\u00e9d\u00e8re Annecy. 1116 rte du mont 74350 Saint Martin de Bellevue Tel.: +33450603178 - Ge\u00f6ffnet von Mittwoch bis Montag von 8.30 bis 17.30 Uhr.","robots":{"index":"noindex","follow":"follow"},"og_locale":"de_DE","og_type":"article","og_title":"Contact du Golf Annecy | Golf du Belv\u00e9d\u00e8re Annecy","og_description":"Contact Golf du Belv\u00e9d\u00e8re Annecy. 1116 rte du mont 74350 Saint Martin de Bellevue Tel : 0450603178 - Ouvert du Mercredi au Lundi 8:30 17:30","og_url":"https:\/\/www.golfdubelvedere.fr\/de\/golf-du-belvedere-annecy-saint-martin-bellevue-haute-savoie\/contact\/politique-de-confidentialite\/","og_site_name":"Golf du Belv\u00e9d\u00e8re Annecy | Golf Lac Annecy | Practice &amp; Golf 9 Trous en Haute Savoie","article_modified_time":"2026-03-14T20:17:36+00:00","og_image":[{"width":512,"height":512,"url":"https:\/\/www.golfdubelvedere.fr\/wp-content\/uploads\/2025\/04\/Copie-de-Logo-golf-du-belvedere.png","type":"image\/png"}],"twitter_card":"summary_large_image","schema":{"@context":"https:\/\/schema.org","@graph":[{"@type":"TechArticle","@id":"https:\/\/www.golfdubelvedere.fr\/golf-du-belvedere-annecy-saint-martin-bellevue-haute-savoie\/contact\/politique-de-confidentialite#article","isPartOf":{"@id":"https:\/\/www.golfdubelvedere.fr\/golf-du-belvedere-annecy-saint-martin-bellevue-haute-savoie\/contact\/politique-de-confidentialite"},"author":{"name":"Alain","@id":"https:\/\/www.golfdubelvedere.fr\/#\/schema\/person\/a48983d92b8315050c1f94f06d9d81fb"},"headline":"Politique de confidentialit\u00e9","datePublished":"2026-03-14T08:47:03+00:00","dateModified":"2026-03-14T20:17:36+00:00","mainEntityOfPage":{"@id":"https:\/\/www.golfdubelvedere.fr\/golf-du-belvedere-annecy-saint-martin-bellevue-haute-savoie\/contact\/politique-de-confidentialite"},"wordCount":1398,"publisher":{"@id":"https:\/\/www.golfdubelvedere.fr\/#organization"},"image":{"@id":"https:\/\/www.golfdubelvedere.fr\/golf-du-belvedere-annecy-saint-martin-bellevue-haute-savoie\/contact\/politique-de-confidentialite#primaryimage"},"thumbnailUrl":"https:\/\/i0.wp.com\/www.golfdubelvedere.fr\/wp-content\/uploads\/2025\/04\/Copie-de-Logo-golf-du-belvedere.png?fit=512%2C512&ssl=1","inLanguage":"de"},{"@type":["WebPage","ContactPage"],"@id":"https:\/\/www.golfdubelvedere.fr\/golf-du-belvedere-annecy-saint-martin-bellevue-haute-savoie\/contact\/politique-de-confidentialite","url":"https:\/\/www.golfdubelvedere.fr\/golf-du-belvedere-annecy-saint-martin-bellevue-haute-savoie\/contact\/politique-de-confidentialite","name":"Kontakt Golf Annecy | Der Golfplatz Belv\u00e9d\u00e8re Annecy","isPartOf":{"@id":"https:\/\/www.golfdubelvedere.fr\/#website"},"primaryImageOfPage":{"@id":"https:\/\/www.golfdubelvedere.fr\/golf-du-belvedere-annecy-saint-martin-bellevue-haute-savoie\/contact\/politique-de-confidentialite#primaryimage"},"image":{"@id":"https:\/\/www.golfdubelvedere.fr\/golf-du-belvedere-annecy-saint-martin-bellevue-haute-savoie\/contact\/politique-de-confidentialite#primaryimage"},"thumbnailUrl":"https:\/\/i0.wp.com\/www.golfdubelvedere.fr\/wp-content\/uploads\/2025\/04\/Copie-de-Logo-golf-du-belvedere.png?fit=512%2C512&ssl=1","datePublished":"2026-03-14T08:47:03+00:00","dateModified":"2026-03-14T20:17:36+00:00","description":"Kontakt Golf du Belv\u00e9d\u00e8re Annecy. 1116 rte du mont 74350 Saint Martin de Bellevue Tel.: +33450603178 - Ge\u00f6ffnet von Mittwoch bis Montag von 8.30 bis 17.30 Uhr.","breadcrumb":{"@id":"https:\/\/www.golfdubelvedere.fr\/golf-du-belvedere-annecy-saint-martin-bellevue-haute-savoie\/contact\/politique-de-confidentialite#breadcrumb"},"inLanguage":"de","potentialAction":[{"@type":"ReadAction","target":["https:\/\/www.golfdubelvedere.fr\/golf-du-belvedere-annecy-saint-martin-bellevue-haute-savoie\/contact\/politique-de-confidentialite"]}]},{"@type":"ImageObject","inLanguage":"de","@id":"https:\/\/www.golfdubelvedere.fr\/golf-du-belvedere-annecy-saint-martin-bellevue-haute-savoie\/contact\/politique-de-confidentialite#primaryimage","url":"https:\/\/i0.wp.com\/www.golfdubelvedere.fr\/wp-content\/uploads\/2025\/04\/Copie-de-Logo-golf-du-belvedere.png?fit=512%2C512&ssl=1","contentUrl":"https:\/\/i0.wp.com\/www.golfdubelvedere.fr\/wp-content\/uploads\/2025\/04\/Copie-de-Logo-golf-du-belvedere.png?fit=512%2C512&ssl=1","width":512,"height":512,"caption":"Logo golf du belv\u00e9d\u00e8re Annecy"},{"@type":"BreadcrumbList","@id":"https:\/\/www.golfdubelvedere.fr\/golf-du-belvedere-annecy-saint-martin-bellevue-haute-savoie\/contact\/politique-de-confidentialite#breadcrumb","itemListElement":[{"@type":"ListItem","position":1,"name":"Accueil","item":"https:\/\/www.golfdubelvedere.fr\/"},{"@type":"ListItem","position":2,"name":"Golf du Belv\u00e9d\u00e8re Annecy","item":"https:\/\/www.golfdubelvedere.fr\/"},{"@type":"ListItem","position":3,"name":"Contact","item":"https:\/\/www.golfdubelvedere.fr\/golf-du-belvedere-annecy-saint-martin-bellevue-haute-savoie\/contact"},{"@type":"ListItem","position":4,"name":"Politique de confidentialit\u00e9"}]},{"@type":"WebSite","@id":"https:\/\/www.golfdubelvedere.fr\/#website","url":"https:\/\/www.golfdubelvedere.fr\/","name":"Golf du Belv\u00e9d\u00e8re Annecy | Golf Lac Annecy | Golf 9 Trous en Haute Savoie","description":"Un parcours de golf 9 trous avec practice proche d Annecy et de Gen\u00e8ve, au coeur du massif des Aravis","publisher":{"@id":"https:\/\/www.golfdubelvedere.fr\/#organization"},"alternateName":"Golf du Belv\u00e9d\u00e8re Saint Martin Bellevue","potentialAction":[{"@type":"SearchAction","target":{"@type":"EntryPoint","urlTemplate":"https:\/\/www.golfdubelvedere.fr\/?s={search_term_string}"},"query-input":{"@type":"PropertyValueSpecification","valueRequired":true,"valueName":"search_term_string"}}],"inLanguage":"de"},{"@type":"Organization","@id":"https:\/\/www.golfdubelvedere.fr\/#organization","name":"Golfplatz Belv\u00e9d\u00e8re Annecy","url":"https:\/\/www.golfdubelvedere.fr\/","logo":{"@type":"ImageObject","inLanguage":"de","@id":"https:\/\/www.golfdubelvedere.fr\/#\/schema\/logo\/image\/","url":"https:\/\/i0.wp.com\/www.golfdubelvedere.fr\/wp-content\/uploads\/2025\/04\/Copie-de-Logo-golf-du-belvedere.png?fit=512%2C512&ssl=1","contentUrl":"https:\/\/i0.wp.com\/www.golfdubelvedere.fr\/wp-content\/uploads\/2025\/04\/Copie-de-Logo-golf-du-belvedere.png?fit=512%2C512&ssl=1","width":512,"height":512,"caption":"Golf du Belv\u00e9d\u00e8re Annecy"},"image":{"@id":"https:\/\/www.golfdubelvedere.fr\/#\/schema\/logo\/image\/"}},{"@type":"Person","@id":"https:\/\/www.golfdubelvedere.fr\/#\/schema\/person\/a48983d92b8315050c1f94f06d9d81fb","name":"Alain","image":{"@type":"ImageObject","inLanguage":"de","@id":"https:\/\/secure.gravatar.com\/avatar\/067a437fddcbc53fd0e05e015c1eabc752e24a9300f04756f5e01dc0a3d5500f?s=96&d=mm&r=g","url":"https:\/\/secure.gravatar.com\/avatar\/067a437fddcbc53fd0e05e015c1eabc752e24a9300f04756f5e01dc0a3d5500f?s=96&d=mm&r=g","contentUrl":"https:\/\/secure.gravatar.com\/avatar\/067a437fddcbc53fd0e05e015c1eabc752e24a9300f04756f5e01dc0a3d5500f?s=96&d=mm&r=g","caption":"Alain"}}]}},"jetpack_sharing_enabled":true,"_links":{"self":[{"href":"https:\/\/www.golfdubelvedere.fr\/de\/wp-json\/wp\/v2\/pages\/22782","targetHints":{"allow":["GET"]}}],"collection":[{"href":"https:\/\/www.golfdubelvedere.fr\/de\/wp-json\/wp\/v2\/pages"}],"about":[{"href":"https:\/\/www.golfdubelvedere.fr\/de\/wp-json\/wp\/v2\/types\/page"}],"author":[{"embeddable":true,"href":"https:\/\/www.golfdubelvedere.fr\/de\/wp-json\/wp\/v2\/users\/5"}],"replies":[{"embeddable":true,"href":"https:\/\/www.golfdubelvedere.fr\/de\/wp-json\/wp\/v2\/comments?post=22782"}],"version-history":[{"count":0,"href":"https:\/\/www.golfdubelvedere.fr\/de\/wp-json\/wp\/v2\/pages\/22782\/revisions"}],"up":[{"embeddable":true,"href":"https:\/\/www.golfdubelvedere.fr\/de\/wp-json\/wp\/v2\/pages\/14"}],"wp:featuredmedia":[{"embeddable":true,"href":"https:\/\/www.golfdubelvedere.fr\/de\/wp-json\/wp\/v2\/media\/13671"}],"wp:attachment":[{"href":"https:\/\/www.golfdubelvedere.fr\/de\/wp-json\/wp\/v2\/media?parent=22782"}],"curies":[{"name":"wp","href":"https:\/\/api.w.org\/{rel}","templated":true}]}}